{"id":1842,"date":"2025-10-06T09:35:55","date_gmt":"2025-10-06T07:35:55","guid":{"rendered":"https:\/\/frisksportlager.se\/2026\/?page_id=1842"},"modified":"2026-04-15T21:25:06","modified_gmt":"2026-04-15T19:25:06","slug":"bokade-maltider","status":"publish","type":"page","link":"https:\/\/frisksportlager.se\/2026\/bokade-maltider\/","title":{"rendered":"Bokade m\u00e5ltider"},"content":{"rendered":"<p>[et_pb_section fb_built=&#8221;1&#8243; custom_padding_last_edited=&#8221;off|tablet&#8221; _builder_version=&#8221;4.22.2&#8243; custom_margin=&#8221;||||false|false&#8221; custom_padding=&#8221;||0px||false|false&#8221; custom_css_main_element=&#8221;z-index: 0;&#8221; locked=&#8221;off&#8221; global_colors_info=&#8221;{}&#8221;][et_pb_row module_id=&#8221;boka-mat&#8221; _builder_version=&#8221;4.27.4&#8243; custom_margin=&#8221;||||false|false&#8221; custom_padding=&#8221;||0px||false|true&#8221; locked=&#8221;off&#8221; global_colors_info=&#8221;{}&#8221;][et_pb_column type=&#8221;4_4&#8243; _builder_version=&#8221;4.16&#8243; global_colors_info=&#8221;{}&#8221; custom_css_main_element_last_edited=&#8221;on|phone&#8221; custom_css_main_element_tablet=&#8221;order: 2;&#8221; custom_css_main_element_phone=&#8221;order: 2;&#8221;][et_pb_divider color=&#8221;#061466&#8243; _builder_version=&#8221;4.16&#8243; custom_margin=&#8221;||||false|false&#8221; custom_margin_tablet=&#8221;15px||||false|false&#8221; custom_margin_phone=&#8221;&#8221; custom_margin_last_edited=&#8221;on|phone&#8221; custom_css_main_element=&#8221;clear: left;&#8221; border_color_all=&#8221;#061466&#8243; global_colors_info=&#8221;{}&#8221;][\/et_pb_divider][et_pb_text module_id=&#8221;mattalten&#8221; module_class=&#8221;tagged tagged-h6&#8243; _builder_version=&#8221;4.27.6&#8243; text_text_color=&#8221;#529AEE&#8221; custom_margin=&#8221;||0px||false|false&#8221; global_colors_info=&#8221;{}&#8221;]<\/p>\n<h6>Boka mat<\/h6>\n<h2>Underl\u00e4tta med bokade m\u00e5ltider<\/h2>\n<h5>Ett smidigt s\u00e4tt att l\u00f6sa m\u00e5ltider varje dag p\u00e5 l\u00e4gret \u00e4r genom att boka m\u00e5ltider i serveringen! Det finns frukost- och middagsservering varje dag i matsalen. Starta dagen med en m\u00e4ttande frukost, och se till att fylla p\u00e5 energin p\u00e5 middagen!<\/h5>\n<h4>S\u00e5 bokar du mat:<\/h4>\n<h5>Du bokar maten i samband med anm\u00e4lan till l\u00e4gret. Det g\u00e5r att boka enstaka dagar eller hela veckan, du v\u00e4ljer. N\u00e4r du anm\u00e4ler dig till l\u00e4gret anger du vilka m\u00e5ltider du vill boka, och du betalar f\u00f6r m\u00e5ltidsbokningen samtidigt som l\u00e4geravgiften. OBS! M\u00e5ltider m\u00e5ste bokas senast 22 juni.<\/h5>\n<h4>Vad serveras?<\/h4>\n<p>[\/et_pb_text][et_pb_code admin_label=&#8221;Kod &#8217;Meny mat&#8217; Blazor Webassembly (WASM)&#8221; _builder_version=&#8221;4.27.6&#8243; _module_preset=&#8221;default&#8221; hover_enabled=&#8221;0&#8243; global_colors_info=&#8221;{}&#8221; sticky_enabled=&#8221;0&#8243;]<rix-foodmenu year=\"2026\" style=\"min-height:90px;color: #051466;\"><\/rix-foodmenu>[\/et_pb_code][et_pb_image src=&#8221;https:\/\/frisksportlager.se\/2026\/wp-content\/uploads\/sites\/9\/2025\/10\/article_desk-29.png&#8221; title_text=&#8221;article_desk 29&#8243; align=&#8221;center&#8221; _builder_version=&#8221;4.27.4&#8243; background_color=&#8221;#FFE995&#8243; width=&#8221;100%&#8221; locked=&#8221;off&#8221; global_colors_info=&#8221;{}&#8221;][\/et_pb_image][\/et_pb_column][\/et_pb_row][et_pb_row disabled_on=&#8221;on|on|on&#8221; _builder_version=&#8221;4.27.4&#8243; disabled=&#8221;on&#8221; global_colors_info=&#8221;{}&#8221;][et_pb_column type=&#8221;4_4&#8243; _builder_version=&#8221;4.16&#8243; global_colors_info=&#8221;{}&#8221;][et_pb_divider color=&#8221;#061466&#8243; _builder_version=&#8221;4.16&#8243; custom_margin=&#8221;||||false|false&#8221; custom_margin_tablet=&#8221;15px||||false|false&#8221; custom_margin_phone=&#8221;&#8221; custom_margin_last_edited=&#8221;on|phone&#8221; custom_css_main_element=&#8221;clear: left;&#8221; border_color_all=&#8221;#061466&#8243; global_colors_info=&#8221;{}&#8221;][\/et_pb_divider][et_pb_text module_id=&#8221;om-lagermaten&#8221; module_class=&#8221;tagged tagged-h6&#8243; _builder_version=&#8221;4.27.4&#8243; text_text_color=&#8221;#529AEE&#8221; custom_margin=&#8221;||0px||false|false&#8221; inline_fonts=&#8221;Averta-Regular&#8221; global_colors_info=&#8221;{}&#8221;]<\/p>\n<h6>Om l\u00e4germaten<\/h6>\n<h2>Ett h\u00e5llbart t\u00e4nk med maten<\/h2>\n<p>Maten \u00e4r l\u00e4grets st\u00f6rsta och kanske roligaste enskilda gren! Vi vill att det ska finnas variation och valfrihet i det vi levererar. Sj\u00e4lvklart vill vi ocks\u00e5 t\u00e4nka h\u00e5llbart, och det ska finnas n\u00e5got f\u00f6r alla.<\/p>\n<p><strong>Svenskt k\u00f6tt\u00a0<\/strong>&#8211; vi serverar bara svenskt k\u00f6tt, f\u00f6r att st\u00f6tta svenska b\u00f6nder och den b\u00e4sta djurh\u00e5llningen i v\u00e4rlden.<\/p>\n<p><strong>Gott om vego\u00a0<\/strong>&#8211; vi serverar gott om vegetariska r\u00e4tter f\u00f6r de som vill \u00e4ta lite gr\u00f6nare och v\u00e4rna om milj\u00f6n. Kom ih\u00e5g att f\u00f6ranm\u00e4la om du vill ha vegetariskt eller veganskt p\u00e5 frukost och middag. I fiket finns alltid vegetariskt alternativ!<\/p>\n<p><strong><span style=\"font-family: Averta-Regular;\">N\u00e5got f\u00f6r alla<\/span><\/strong> &#8211; vi str\u00e4var efter att se till att alla l\u00e4gerdeltagare kan \u00e4ta och f\u00f6rs\u00f6ker planera efter olika behov och allergier. V\u00e5r frukost- och middagsservering erbjuder mat fri fr\u00e5n n\u00f6tter, vegetariskt, veganskt, mj\u00f6lkfritt eller glutenfritt om du anm\u00e4ler detta i god tid. Andra allergier kan vi tyv\u00e4rr inte tillgodose i denna stora servering.<\/p>\n<p>I fiket ser vi ocks\u00e5 till att l\u00f6sa de vanligaste allergierna. Har du n\u00e5gra allvarliga allergier och vet att du vill handla i l\u00e4gerfiket \u00e4r du v\u00e4lkommen att h\u00f6ra av dig till oss i f\u00f6rv\u00e4g s\u00e5 kan du f\u00e5 hj\u00e4lp att se vad vi kan erbjuda f\u00f6r dig. Det b\u00e4sta du kan g\u00f6ra f\u00f6r att f\u00f6rbereda oss \u00e4r att anm\u00e4la dig i god tid innan l\u00e4gret!<\/p>\n<p>[\/et_pb_text][et_pb_image src=&#8221;https:\/\/frisksportlager.se\/wp-content\/uploads\/2020\/02\/Barn_korv_artikel_desk-min.jpg&#8221; align=&#8221;center&#8221; _builder_version=&#8221;4.16&#8243; background_color=&#8221;#FFE995&#8243; global_colors_info=&#8221;{}&#8221;][\/et_pb_image][\/et_pb_column][\/et_pb_row][et_pb_row disabled_on=&#8221;on|on|on&#8221; admin_label=&#8221;Middagsmeny&#8221; module_id=&#8221;middag&#8221; _builder_version=&#8221;4.27.4&#8243; disabled=&#8221;on&#8221; global_colors_info=&#8221;{}&#8221;][et_pb_column type=&#8221;4_4&#8243; _builder_version=&#8221;4.16&#8243; global_colors_info=&#8221;{}&#8221;][et_pb_divider color=&#8221;#061466&#8243; disabled_on=&#8221;on|on|on&#8221; _builder_version=&#8221;4.16&#8243; custom_margin=&#8221;||0px||false|false&#8221; custom_padding=&#8221;||20px||false|false&#8221; border_color_all=&#8221;#061466&#8243; disabled=&#8221;on&#8221; global_colors_info=&#8221;{}&#8221;][\/et_pb_divider][et_pb_text admin_label=&#8221;Middag&#8221; module_id=&#8221;matpaketet&#8221; module_class=&#8221;tagged tagged-h2&#8243; _builder_version=&#8221;4.27.4&#8243; text_font=&#8221;Averta-Bold||||||||&#8221; text_text_color=&#8221;#529AEE&#8221; text_font_size=&#8221;40px&#8221; global_colors_info=&#8221;{}&#8221;]<\/p>\n<h6>Middagsservering<\/h6>\n<h2>Middagsmeny<\/h2>\n<p>[\/et_pb_text][et_pb_text disabled_on=&#8221;off|off|off&#8221; admin_label=&#8221;Meny middag&#8221; _builder_version=&#8221;4.27.4&#8243; text_text_color=&#8221;#529AEE&#8221; global_colors_info=&#8221;{}&#8221;]<\/p>\n<h5>Middag serveras l\u00f6rdag-fredag i matsalen kl 16.30-18.00 f\u00f6r de som f\u00f6rbokat detta.<\/h5>\n<h6>\u00a0<\/h6>\n<h6>l\u00f6RDAG<\/h6>\n<h5 style=\"font-weight: 400;\">Husman: Pasta med k\u00f6ttf\u00e4rss\u00e5s<\/h5>\n<h5 style=\"font-weight: 400;\">Vegetariskt\/veganskt: Pasta med vegetarisk f\u00e4rss\u00e5s<\/h5>\n<p>&nbsp;<\/p>\n<h6>S\u00d6NDAG<\/h6>\n<h5>Husman: Fiskpanetter, kokt potatis och remoulads\u00e5s<br \/>Vegetariskt\/veganskt: Quornfil\u00e9, kokt potatis och remoulads\u00e5s<\/h5>\n<p>&nbsp;<\/p>\n<p>&nbsp;<\/p>\n<h6>M\u00c5NDAG<\/h6>\n<h5>Husman: Kycklingcurry med ris<br \/>Vegetariskt\/veganskt: Gul\u00e4rtscurry med ris<\/h5>\n<h5>\u00a0<\/h5>\n<p>&nbsp;<\/p>\n<h6>TISDAG<\/h6>\n<h5 style=\"font-weight: 400;\">Husman: Pasta med ost och skinks\u00e5s<\/h5>\n<h5 style=\"font-weight: 400;\">Vegetariskt\/veganskt: Pasta med vegetarisk osts\u00e5s<\/h5>\n<p>&nbsp;<\/p>\n<h6>ONSDAG<\/h6>\n<h5 style=\"font-weight: 400;\">Husman\/vegetariskt\/veganskt: Tacograt\u00e4ng<\/h5>\n<p>&nbsp;<\/p>\n<h6>TORSDAG<\/h6>\n<h5 style=\"font-weight: 400;\">Middag: K\u00f6ttbullar med potatismos<\/h5>\n<h5 style=\"font-weight: 400;\">Vegetariskt\/veganskt: Vegetariska bullar med potatismos<\/h5>\n<p>&nbsp;<\/p>\n<h6>FREDAG<\/h6>\n<h5 style=\"font-weight: 400;\">Husman: Korv och makaroner\u00a0\u00a0<\/h5>\n<h5 style=\"font-weight: 400;\">Vegetariskt\/veganskt: Vegokorv och makaroner<\/h5>\n<p>&nbsp;<\/p>\n<h6>Information<\/h6>\n<h5>Vi tillhandah\u00e5ller varje dag mat som passar f\u00f6r vegetarianer och veganer. Det finns \u00e4ven m\u00f6jlighet att anm\u00e4la allergier och f\u00e5 m\u00e5ltider anpassade efter det. Bokning av frukost och middag g\u00f6rs n\u00e4r du anm\u00e4ler dig till l\u00e4gret\u00a0(du kan boka f\u00f6r hela veckan eller enstaka m\u00e5ltider). Allergier m\u00e5ste anges i anm\u00e4lan, annars har vi ingen m\u00f6jlighet att tillgodose dina behov p\u00e5 plats.\u00a0<strong>Mat m\u00e5ste bokas senast XXXX.<\/strong><\/h5>\n<h5>Allergier vi kan tillgodose: citrus, fisk, gluten, laktos, mj\u00f6lkprotein, n\u00f6tter, skaldjur, soja, stenfrukter, \u00e4gg, baljv\u00e4xter.<br \/>Under &#8221;allergier&#8221; i anm\u00e4lningsformul\u00e4ret kan alternativet &#8221;ej fl\u00e4skk\u00f6tt&#8221; v\u00e4ljas.<\/h5>\n<h5>Med reservation f\u00f6r \u00e4ndringar i menyn.<\/h5>\n<p>&nbsp;<\/p>\n<h6>TILLBEH\u00d6R<\/h6>\n<h5>Till varje m\u00e5ltid serveras salladsbuff\u00e9 och kaffe\/te.<\/h5>\n<h6>\u00a0<\/h6>\n<h6>PRIS f\u00f6r middag\u00a0(per m\u00e5ltid)<\/h6>\n<h5>0-3 \u00e5r: 0 kr<br \/>4-11 \u00e5r: 54<br \/>12- \u00e5r: 108 kr<\/h5>\n<p>[\/et_pb_text][\/et_pb_column][\/et_pb_row][et_pb_row disabled_on=&#8221;on|on|on&#8221; admin_label=&#8221;Frukost&#8221; module_id=&#8221;frukost&#8221; _builder_version=&#8221;4.27.4&#8243; disabled=&#8221;on&#8221; global_colors_info=&#8221;{}&#8221;][et_pb_column type=&#8221;4_4&#8243; _builder_version=&#8221;4.16&#8243; global_colors_info=&#8221;{}&#8221;][et_pb_divider color=&#8221;#061466&#8243; _builder_version=&#8221;4.16&#8243; custom_margin=&#8221;||0px||false|false&#8221; custom_padding=&#8221;||20px||false|false&#8221; border_color_all=&#8221;#061466&#8243; global_colors_info=&#8221;{}&#8221;][\/et_pb_divider][et_pb_text module_id=&#8221;matpaketet&#8221; module_class=&#8221;tagged tagged-h2&#8243; _builder_version=&#8221;4.22.2&#8243; text_font=&#8221;Averta-Bold||||||||&#8221; text_text_color=&#8221;#529AEE&#8221; text_font_size=&#8221;40px&#8221; global_colors_info=&#8221;{}&#8221;]<\/p>\n<h6>Frukostservering<\/h6>\n<h2>Frukost<\/h2>\n<p>[\/et_pb_text][et_pb_text _builder_version=&#8221;4.22.2&#8243; text_text_color=&#8221;#529AEE&#8221; global_colors_info=&#8221;{}&#8221;]<\/p>\n<h5>V\u00e4lkommen att njuta av frukost i matsalen. Frukosten serveras s\u00f6ndag-l\u00f6rdag 07.00-09.00.<\/h5>\n<h5><\/h5>\n<h6>Information<\/h6>\n<h5>Observera att du beh\u00f6ver ange i din anm\u00e4lan om du har specialkost. Om du inte anger det kan vi tyv\u00e4rr inte garantera att det finns specialkost till dig. M\u00e5ltider p\u00e5 bokas i samband med anm\u00e4lan, <strong>senast XXXX.<\/strong><\/h5>\n<p><strong><\/strong><\/p>\n<p><strong><\/strong><\/p>\n<h6>PRIS f\u00f6r frukost (per m\u00e5ltid)<\/h6>\n<h5>0-3 \u00e5r: 0 kr<br \/>4-11 \u00e5r: 38 kr<br \/>12- \u00e5r: 75 kr<\/h5>\n<h5><\/h5>\n<h5><\/h5>\n<h2>V\u00e4lkomna!<\/h2>\n<p>[\/et_pb_text][et_pb_divider color=&#8221;#061466&#8243; _builder_version=&#8221;4.16&#8243; custom_margin=&#8221;||0px||false|false&#8221; custom_padding=&#8221;||20px||false|false&#8221; border_color_all=&#8221;#061466&#8243; global_colors_info=&#8221;{}&#8221;][\/et_pb_divider][\/et_pb_column][\/et_pb_row][et_pb_row _builder_version=&#8221;4.27.4&#8243; custom_margin=&#8221;0px||||false|false&#8221; custom_padding=&#8221;||0px||false|true&#8221; custom_padding_tablet=&#8221;0px||||false|true&#8221; locked=&#8221;off&#8221; global_colors_info=&#8221;{}&#8221;][et_pb_column type=&#8221;4_4&#8243; _builder_version=&#8221;4.16&#8243; global_colors_info=&#8221;{}&#8221;][et_pb_text disabled_on=&#8221;on|on|on&#8221; module_id=&#8221;funktionarer&#8221; module_class=&#8221;in-page-link&#8221; _builder_version=&#8221;4.16&#8243; text_text_color=&#8221;#529AEE&#8221; custom_margin=&#8221;0px||||false|false&#8221; custom_padding=&#8221;0px||||false|false&#8221; disabled=&#8221;on&#8221; global_colors_info=&#8221;{}&#8221;]<\/p>\n<h6>funktion\u00e4rer<\/h6>\n<h2>Teamet bakom l\u00e4grets mat<\/h2>\n<h5><\/h5>\n<p>[\/et_pb_text][\/et_pb_column][\/et_pb_row][et_pb_row disabled_on=&#8221;on|on|on&#8221; _builder_version=&#8221;4.27.4&#8243; disabled=&#8221;on&#8221; global_colors_info=&#8221;{}&#8221;][et_pb_column type=&#8221;4_4&#8243; _builder_version=&#8221;4.16&#8243; global_colors_info=&#8221;{}&#8221;][et_pb_image src=&#8221;https:\/\/frisksportlager.se\/2024\/wp-content\/uploads\/sites\/4\/2024\/01\/cirkel_boende.png&#8221; title_text=&#8221;cirkel_boende&#8221; _builder_version=&#8221;4.22.2&#8243; background_color=&#8221;RGBA(255,255,255,0)&#8221; max_width=&#8221;180px&#8221; max_width_tablet=&#8221;160px&#8221; max_width_phone=&#8221;150px&#8221; max_width_last_edited=&#8221;on|phone&#8221; custom_css_main_element=&#8221;float: left;&#8221; border_radii=&#8221;on|150px|150px|150px|150px&#8221; global_colors_info=&#8221;{}&#8221;][\/et_pb_image][et_pb_text _builder_version=&#8221;4.16&#8243; text_text_color=&#8221;#529AEE&#8221; link_text_color=&#8221;#0080df&#8221; custom_margin=&#8221;|||180px|false|false&#8221; custom_margin_tablet=&#8221;|||160px|false|false&#8221; custom_margin_phone=&#8221;|||150px|false|false&#8221; custom_margin_last_edited=&#8221;on|phone&#8221; custom_padding=&#8221;|||40px|false|false&#8221; custom_padding_tablet=&#8221;|||30px|false|false&#8221; custom_padding_phone=&#8221;|||20px|false|false&#8221; custom_padding_last_edited=&#8221;on|desktop&#8221; global_colors_info=&#8221;{}&#8221;]<\/p>\n<h4>Susanne Lilja<\/h4>\n<h6>Matansvarig<\/h6>\n<h5>Maja \u00e4r ansvarig f\u00f6r helhetst\u00e4nket kring all mat under l\u00e4gret. Alltifr\u00e5n valet av r\u00e5varor, till servering till matsvinn och sophantering av matrester. Maja har en bakgrund inom stork\u00f6k och driver just nu en blogg om sitt brinnande intresse f\u00f6r hur maten p\u00e5verkar v\u00e5r h\u00e4lsa och milj\u00f6.<\/h5>\n<h5>N\u00e5gra av Majas favoritb\u00f6cker i \u00e4mnet \u00e4r \u201dFood Pharmacy\u201d och \u201dPortionen under tian\u201d.<\/h5>\n<h5>F\u00f6r mer info: <a href=\"http:\/\/www.majasblogg.se\">www.majasblogg.se<\/a><\/h5>\n<p>[\/et_pb_text][\/et_pb_column][\/et_pb_row][et_pb_row disabled_on=&#8221;on|on|on&#8221; _builder_version=&#8221;4.27.4&#8243; disabled=&#8221;on&#8221; global_colors_info=&#8221;{}&#8221;][et_pb_column type=&#8221;4_4&#8243; _builder_version=&#8221;4.16&#8243; global_colors_info=&#8221;{}&#8221;][et_pb_image src=&#8221;https:\/\/frisksportlager.se\/2024\/wp-content\/uploads\/sites\/4\/2024\/01\/cirkel_boende.png&#8221; title_text=&#8221;cirkel_boende&#8221; _builder_version=&#8221;4.22.2&#8243; background_color=&#8221;RGBA(255,255,255,0)&#8221; max_width=&#8221;180px&#8221; max_width_tablet=&#8221;160px&#8221; max_width_phone=&#8221;150px&#8221; max_width_last_edited=&#8221;on|phone&#8221; custom_css_main_element=&#8221;float: left;&#8221; border_radii=&#8221;on|150px|150px|150px|150px&#8221; global_colors_info=&#8221;{}&#8221;][\/et_pb_image][et_pb_text _builder_version=&#8221;4.16&#8243; text_text_color=&#8221;#529AEE&#8221; link_text_color=&#8221;#0080df&#8221; custom_margin=&#8221;|||180px|false|false&#8221; custom_margin_tablet=&#8221;|||160px|false|false&#8221; custom_margin_phone=&#8221;|||150px|false|false&#8221; custom_margin_last_edited=&#8221;on|phone&#8221; custom_padding=&#8221;|||40px|false|false&#8221; custom_padding_tablet=&#8221;|||30px|false|false&#8221; custom_padding_phone=&#8221;|||20px|false|false&#8221; custom_padding_last_edited=&#8221;on|desktop&#8221; global_colors_info=&#8221;{}&#8221;]<\/p>\n<h4>Karin Langseth<\/h4>\n<h6>Caf\u00e9ansvarig<\/h6>\n<h5>Maja \u00e4r ansvarig f\u00f6r helhetst\u00e4nket kring all mat under l\u00e4gret. Alltifr\u00e5n valet av r\u00e5varor, till servering till matsvinn och sophantering av matrester. Maja har en bakgrund inom stork\u00f6k och driver just nu en blogg om sitt brinnande intresse f\u00f6r hur maten p\u00e5verkar v\u00e5r h\u00e4lsa och milj\u00f6.<\/h5>\n<h5>N\u00e5gra av Majas favoritb\u00f6cker i \u00e4mnet \u00e4r \u201dFood Pharmacy\u201d och \u201dPortionen under tian\u201d.<\/h5>\n<h5>F\u00f6r mer info: www.majasblogg.se<\/h5>\n<p>[\/et_pb_text][\/et_pb_column][\/et_pb_row][et_pb_row disabled_on=&#8221;on|on|on&#8221; _builder_version=&#8221;4.27.4&#8243; custom_margin=&#8221;||||false|false&#8221; custom_padding=&#8221;||||false|false&#8221; custom_padding_tablet=&#8221;||0px||false|false&#8221; custom_padding_phone=&#8221;|15px|0px|15px|false|true&#8221; disabled=&#8221;on&#8221; locked=&#8221;off&#8221; global_colors_info=&#8221;{}&#8221;][et_pb_column type=&#8221;4_4&#8243; _builder_version=&#8221;4.16&#8243; global_colors_info=&#8221;{}&#8221;][et_pb_divider color=&#8221;#061466&#8243; _builder_version=&#8221;4.16&#8243; custom_margin=&#8221;||0px||false|false&#8221; border_color_all=&#8221;#061466&#8243; global_colors_info=&#8221;{}&#8221;][\/et_pb_divider][et_pb_image src=&#8221;@ET-DC@eyJkeW5hbWljIjp0cnVlLCJjb250ZW50IjoicG9zdF9hdXRob3JfcHJvZmlsZV9waWN0dXJlIiwic2V0dGluZ3MiOnt9fQ==@&#8221; disabled_on=&#8221;off|off|off&#8221; _builder_version=&#8221;4.22.2&#8243; _dynamic_attributes=&#8221;src&#8221; background_color=&#8221;RGBA(255,255,255,0)&#8221; max_width=&#8221;80px&#8221; custom_margin=&#8221;|15px|||false|false&#8221; custom_padding=&#8221;||||false|false&#8221; custom_css_main_element=&#8221;float: left;||clear: left;&#8221; border_radii=&#8221;on|50%|50%|50%|50%&#8221; locked=&#8221;off&#8221; global_colors_info=&#8221;{}&#8221;][\/et_pb_image][et_pb_text _builder_version=&#8221;4.16&#8243; text_text_color=&#8221;#529AEE&#8221; text_line_height=&#8221;0.7em&#8221; header_4_letter_spacing=&#8221;0.8px&#8221; custom_margin=&#8221;15px||0px||false|false&#8221; custom_padding=&#8221;0px||0px||false|false&#8221; custom_css_main_element=&#8221;float:left;&#8221; global_colors_info=&#8221;{}&#8221;]<\/p>\n<h4>Susanne Lilja<\/h4>\n<h6>Matansvarig<\/h6>\n<p>[\/et_pb_text][et_pb_text disabled_on=&#8221;off|off|off&#8221; module_class=&#8221;averta-extra-bold&#8221; _builder_version=&#8221;4.22.2&#8243; text_font=&#8221;|||on|||||&#8221; text_text_color=&#8221;#529AEE&#8221; text_letter_spacing=&#8221;1.51px&#8221; text_orientation=&#8221;center&#8221; max_width=&#8221;180px&#8221; custom_margin=&#8221;15px||||false|false&#8221; custom_padding=&#8221;10px|18px|10px|18px|true|true&#8221; link_option_url=&#8221;https:\/\/frisksportlager.se\/kontakt\/#mat&#8221; custom_css_main_element=&#8221;float: right;&#8221; border_width_all=&#8221;2px&#8221; border_color_all=&#8221;#529AEE&#8221; locked=&#8221;off&#8221; global_colors_info=&#8221;{}&#8221;]<\/p>\n<p>Fr\u00e5gor?<\/p>\n<p>[\/et_pb_text][et_pb_divider show_divider=&#8221;off&#8221; admin_label=&#8221;Osynlig stop-avdelare f\u00f6r sticky menyn&#8221; module_id=&#8221;stop&#8221; _builder_version=&#8221;4.16&#8243; custom_margin=&#8221;80px||||false|false&#8221; global_colors_info=&#8221;{}&#8221;][\/et_pb_divider][\/et_pb_column][\/et_pb_row][\/et_pb_section]<\/p>\n","protected":false},"excerpt":{"rendered":"<p>Boka mat Underl\u00e4tta med bokade m\u00e5ltider Ett smidigt s\u00e4tt att l\u00f6sa m\u00e5ltider varje dag p\u00e5 l\u00e4gret \u00e4r genom att boka m\u00e5ltider i serveringen! Det finns frukost- och middagsservering varje dag i matsalen. Starta dagen med en m\u00e4ttande frukost, och se till att fylla p\u00e5 energin p\u00e5 middagen! S\u00e5 bokar du mat: Du bokar maten i [&hellip;]<\/p>\n","protected":false},"author":9,"featured_media":0,"parent":0,"menu_order":0,"comment_status":"closed","ping_status":"closed","template":"","meta":{"_acf_changed":false,"_et_pb_use_builder":"on","_et_pb_old_content":"","_et_gb_content_width":"","_lmt_disableupdate":"no","_lmt_disable":"","_view_id":"","footnotes":""},"class_list":["post-1842","page","type-page","status-publish","hentry"],"acf":[],"_links":{"self":[{"href":"https:\/\/frisksportlager.se\/2026\/wp-json\/wp\/v2\/pages\/1842","targetHints":{"allow":["GET"]}}],"collection":[{"href":"https:\/\/frisksportlager.se\/2026\/wp-json\/wp\/v2\/pages"}],"about":[{"href":"https:\/\/frisksportlager.se\/2026\/wp-json\/wp\/v2\/types\/page"}],"author":[{"embeddable":true,"href":"https:\/\/frisksportlager.se\/2026\/wp-json\/wp\/v2\/users\/9"}],"replies":[{"embeddable":true,"href":"https:\/\/frisksportlager.se\/2026\/wp-json\/wp\/v2\/comments?post=1842"}],"version-history":[{"count":23,"href":"https:\/\/frisksportlager.se\/2026\/wp-json\/wp\/v2\/pages\/1842\/revisions"}],"predecessor-version":[{"id":2284,"href":"https:\/\/frisksportlager.se\/2026\/wp-json\/wp\/v2\/pages\/1842\/revisions\/2284"}],"wp:attachment":[{"href":"https:\/\/frisksportlager.se\/2026\/wp-json\/wp\/v2\/media?parent=1842"}],"curies":[{"name":"wp","href":"https:\/\/api.w.org\/{rel}","templated":true}]}}