{"id":139,"date":"2024-04-15T11:37:01","date_gmt":"2024-04-15T09:37:01","guid":{"rendered":"https:\/\/frisksportlager.se\/2026\/?page_id=139"},"modified":"2026-04-20T14:35:48","modified_gmt":"2026-04-20T12:35:48","slug":"anmalan","status":"publish","type":"page","link":"https:\/\/frisksportlager.se\/2026\/anmalan\/","title":{"rendered":"Anm\u00e4lan"},"content":{"rendered":"<p>[et_pb_section fb_built=&#8221;1&#8243; _builder_version=&#8221;4.27.4&#8243; _module_preset=&#8221;default&#8221; collapsed=&#8221;off&#8221; global_colors_info=&#8221;{}&#8221;][et_pb_row admin_label=&#8221;Hur funkar anm\u00e4lan?&#8221; module_id=&#8221;hur-funkar-anmalan&#8221; _builder_version=&#8221;4.27.4&#8243; global_colors_info=&#8221;{}&#8221;][et_pb_column type=&#8221;4_4&#8243; _builder_version=&#8221;4.16&#8243; global_colors_info=&#8221;{}&#8221;][et_pb_divider color=&#8221;#061466&#8243; _builder_version=&#8221;4.16&#8243; custom_margin=&#8221;||0px||false|false&#8221; border_color_all=&#8221;#061466&#8243; global_colors_info=&#8221;{}&#8221;][\/et_pb_divider][et_pb_text module_class=&#8221;tagged tagged-h6&#8243; _builder_version=&#8221;4.27.4&#8243; global_colors_info=&#8221;{}&#8221;]<\/p>\n<h6>Hur funkar anm\u00e4lan?<\/h6>\n<h2>S\u00e5 g\u00e5r det till<\/h2>\n<h5>Incheckningen till l\u00e4gret g\u00e5r supersmidigt om du anm\u00e4ler dig! D\u00e5 f\u00e5r du allt du beh\u00f6ver i handen n\u00e4r du anl\u00e4nder till l\u00e4gret. Om du inte anm\u00e4ler dig innan beh\u00f6ver du skriva in dig i systemet n\u00e4r du kommer till l\u00e4gret, vilket kan ta ca tio minuter. Anm\u00e4l dig och kom snabbare ig\u00e5ng med l\u00e4gret! Det blir inte fullt p\u00e5 ett Frisksportl\u00e4ger \u2013 alla f\u00e5r plats.<\/h5>\n<p>[\/et_pb_text][et_pb_image src=&#8221;http:\/\/frisksportlager.se\/2024\/wp-content\/uploads\/sites\/4\/2024\/02\/penna.png&#8221; title_text=&#8221;penna&#8221; _builder_version=&#8221;4.27.4&#8243; background_color=&#8221;#FFE995&#8243; width=&#8221;13%&#8221; width_tablet=&#8221;13%&#8221; width_phone=&#8221;15%&#8221; width_last_edited=&#8221;on|phone&#8221; custom_margin=&#8221;||||false|false&#8221; custom_css_main_element=&#8221;float: left;||clear: both;&#8221; global_colors_info=&#8221;{}&#8221;][\/et_pb_image][et_pb_text module_class=&#8221;averta-regular&#8221; _builder_version=&#8221;4.27.6&#8243; custom_margin=&#8221;|||13%|false|false&#8221; custom_padding=&#8221;|||30px|false|false&#8221; global_colors_info=&#8221;{}&#8221;]<\/p>\n<h4>Anm\u00e4l dig i f\u00f6rv\u00e4g<\/h4>\n<h5>Det underl\u00e4ttar mycket att f\u00f6ranm\u00e4la sig. D\u00e5 g\u00e5r incheckningen smidigt n\u00e4r du kommer till l\u00e4gret. Du anm\u00e4ler dig i v\u00e5rt am\u00e4lningssystem (som finns under rubriken &#8217;H\u00e4r anm\u00e4ler du dig&#8217; l\u00e4ngre ned p\u00e5 denna sida ) och betalar d\u00e5 in avgiften samtidigt. Du f\u00e5r rabatt om du anm\u00e4ler dig tidigt.<\/h5>\n<p>[\/et_pb_text][et_pb_image src=&#8221;http:\/\/frisksportlager.se\/2024\/wp-content\/uploads\/sites\/4\/2024\/02\/kost.png&#8221; title_text=&#8221;kost&#8221; _builder_version=&#8221;4.27.4&#8243; background_color=&#8221;#FFE995&#8243; width=&#8221;13%&#8221; width_tablet=&#8221;13%&#8221; width_phone=&#8221;15%&#8221; width_last_edited=&#8221;on|desktop&#8221; custom_margin=&#8221;||||false|false&#8221; custom_css_main_element=&#8221;float: left;||clear: both;&#8221; global_colors_info=&#8221;{}&#8221;][\/et_pb_image][et_pb_text module_class=&#8221;averta-regular&#8221; _builder_version=&#8221;4.27.6&#8243; custom_margin=&#8221;|||13%|false|false&#8221; custom_padding=&#8221;|||30px|false|false&#8221; global_colors_info=&#8221;{}&#8221;]<\/p>\n<h4>Matservering<\/h4>\n<h5>Det g\u00e5r bara att boka frukost och middagsservering fram till och med m\u00e5ndag 22 juni (eftersom r\u00e5varorna beh\u00f6ver best\u00e4llas i tid). Anm\u00e4ler du dig innan dess bokar du mat n\u00e4r du anm\u00e4ler dig till l\u00e4gret och annars kan du laga mat sj\u00e4lv p\u00e5 campingk\u00f6k eller handla i fiket.\u00a0<\/h5>\n<p>[\/et_pb_text][et_pb_image src=&#8221;http:\/\/frisksportlager.se\/2024\/wp-content\/uploads\/sites\/4\/2024\/02\/dinosaurie.png&#8221; title_text=&#8221;dinosaurie&#8221; _builder_version=&#8221;4.27.4&#8243; background_color=&#8221;#FFE995&#8243; width=&#8221;13%&#8221; width_tablet=&#8221;13%&#8221; width_phone=&#8221;15%&#8221; width_last_edited=&#8221;on|desktop&#8221; custom_margin=&#8221;||||false|false&#8221; custom_css_main_element=&#8221;float: left;||clear: both;&#8221; global_colors_info=&#8221;{}&#8221;][\/et_pb_image][et_pb_text module_class=&#8221;averta-regular&#8221; _builder_version=&#8221;4.27.6&#8243; custom_margin=&#8221;|||13%|false|false&#8221; custom_padding=&#8221;|||30px|false|false&#8221; global_colors_info=&#8221;{}&#8221;]<\/p>\n<h4>\u00c5terbud<\/h4>\n<h5>Vi vill g\u00e4rna att du anm\u00e4ler dig till l\u00e4gret. Vid anm\u00e4lan betalar du deltagaravgiften. Om du anm\u00e4lt dig och sedan skulle beh\u00f6va st\u00e4lla in med kort varsel (exempelvis vid sjukdom) f\u00e5r du pengarna tillbaka mot uppvisande av l\u00e4karintyg. Om du avanm\u00e4ler dig efter m\u00e5ndag 22 juni vi dock ut en administrationsavgift p\u00e5 100 kr.<\/h5>\n<p>[\/et_pb_text][et_pb_image src=&#8221;http:\/\/frisksportlager.se\/2024\/wp-content\/uploads\/sites\/4\/2024\/02\/keps.png&#8221; title_text=&#8221;keps&#8221; _builder_version=&#8221;4.27.4&#8243; background_color=&#8221;#FFE995&#8243; width=&#8221;13%&#8221; width_tablet=&#8221;13%&#8221; width_phone=&#8221;15%&#8221; width_last_edited=&#8221;on|phone&#8221; custom_margin=&#8221;||||false|false&#8221; custom_css_main_element=&#8221;float: left;||clear: both;&#8221; global_colors_info=&#8221;{}&#8221;][\/et_pb_image][et_pb_text module_class=&#8221;averta-regular&#8221; _builder_version=&#8221;4.27.6&#8243; custom_margin=&#8221;|||13%|false|false&#8221; custom_padding=&#8221;|||30px|false|false&#8221; global_colors_info=&#8221;{}&#8221;]<\/p>\n<h4>Funktion\u00e4rsrabatt<\/h4>\n<h5>Du som \u00e4r funktion\u00e4r p\u00e5 l\u00e4gret anm\u00e4ler dig ocks\u00e5 i v\u00e5rt anm\u00e4lningssystem men kryssar i att du ans\u00f6ker om rabatt f\u00f6r funktion\u00e4r och betalar inte in n\u00e5gon avgift i samband med anm\u00e4lan. D\u00e5 behandlar vi din betalning med ans\u00f6kan om rabatt manuellt, och du f\u00e5r ett mejl n\u00e4r din rabatt \u00e4r behandlad. Detsamma g\u00e4ller om du har ett f\u00f6rtroendeuppdrag i ett f\u00f6rbund och f\u00e5r avgiften subventionerad.<\/h5>\n<p>[\/et_pb_text][et_pb_image src=&#8221;http:\/\/frisksportlager.se\/2024\/wp-content\/uploads\/sites\/4\/2024\/02\/skylt.png&#8221; title_text=&#8221;skylt&#8221; _builder_version=&#8221;4.27.4&#8243; background_color=&#8221;#FFE995&#8243; width=&#8221;13%&#8221; width_tablet=&#8221;13%&#8221; width_phone=&#8221;15%&#8221; width_last_edited=&#8221;on|phone&#8221; custom_margin=&#8221;||||false|false&#8221; custom_css_main_element=&#8221;float: left;||clear: both;&#8221; global_colors_info=&#8221;{}&#8221;][\/et_pb_image][et_pb_text module_class=&#8221;averta-regular&#8221; _builder_version=&#8221;4.27.4&#8243; custom_margin=&#8221;|||13%|false|false&#8221; custom_padding=&#8221;|||30px|false|false&#8221; global_colors_info=&#8221;{}&#8221;]<\/p>\n<h4>H\u00f6r av dig om du vill ha hj\u00e4lp<\/h4>\n<h5>Vill du ha hj\u00e4lp med anm\u00e4lan eller har fr\u00e5gor? <a href=\".\/kontakt\">Kontakta oss<\/a>, vi hj\u00e4lper dig g\u00e4rna.<\/h5>\n<p>[\/et_pb_text][\/et_pb_column][\/et_pb_row][et_pb_row disabled_on=&#8221;off|off|off&#8221; admin_label=&#8221;H\u00e4r anm\u00e4ler du dig&#8221; module_id=&#8221;har-anmaler-du-dig&#8221; _builder_version=&#8221;4.27.4&#8243; _module_preset=&#8221;default&#8221; global_colors_info=&#8221;{}&#8221;][et_pb_column type=&#8221;4_4&#8243; _builder_version=&#8221;4.21.0&#8243; _module_preset=&#8221;default&#8221; global_colors_info=&#8221;{}&#8221;][et_pb_divider color=&#8221;#061466&#8243; _builder_version=&#8221;4.16&#8243; custom_margin=&#8221;||0px||false|false&#8221; border_color_all=&#8221;#061466&#8243; global_colors_info=&#8221;{}&#8221;][\/et_pb_divider][et_pb_text module_class=&#8221;tagged tagged-h6&#8243; _builder_version=&#8221;4.27.6&#8243; custom_padding=&#8221;||1px|||&#8221; hover_enabled=&#8221;0&#8243; locked=&#8221;off&#8221; global_colors_info=&#8221;{}&#8221; sticky_enabled=&#8221;0&#8243;]<\/p>\n<h6>H\u00e4r anm\u00e4ler du dig<\/h6>\n<h2>Anm\u00e4lan \u00e4r nu \u00f6ppen<\/h2>\n<h5>S\u00e5 h\u00e4r g\u00f6r du f\u00f6r att anm\u00e4la dig:<\/h5>\n<ul>\n<li>\u00d6ppna anm\u00e4lningssystemet via knappen nedan.<\/li>\n<li>Fyll i uppgifter om alla personer du anm\u00e4ler, ankomstdag och avf\u00e4rdsdag.<br \/>Om ni vill boka mat anm\u00e4ler ni ocks\u00e5 vilka m\u00e5ltider ni vill \u00e4ta och speciella kost\u00f6nskem\u00e5l.<\/li>\n<li>Systemet r\u00e4knar ut vad ni ska betala och du f\u00e5r ett mejl.<\/li>\n<li>F\u00f6lj instruktionerna f\u00f6r hur du betalar.<\/li>\n<li>Klart!<\/li>\n<\/ul>\n<p>Observera att det inte kan bli fullt p\u00e5 ett Frisksportl\u00e4ger.\u00a0<\/p>\n<p>[\/et_pb_text][et_pb_button button_url=&#8221;@ET-DC@eyJkeW5hbWljIjp0cnVlLCJjb250ZW50IjoicG9zdF9saW5rX3VybF9wYWdlIiwic2V0dGluZ3MiOnsicG9zdF9pZCI6IjIyNDkifX0=@&#8221; button_text=&#8221;Anm\u00e4l dig h\u00e4r&#8221; button_alignment=&#8221;left&#8221; disabled_on=&#8221;off|off|off&#8221; admin_label=&#8221;Knapp&#8221; module_class=&#8221;averta-extra-bold&#8221; _builder_version=&#8221;4.27.6&#8243; _dynamic_attributes=&#8221;button_url&#8221; custom_button=&#8221;on&#8221; button_text_size=&#8221;14px&#8221; button_text_color=&#8221;#529AEE&#8221; button_bg_color=&#8221;#FFE995&#8243; button_border_width=&#8221;8px&#8221; button_border_color=&#8221;rgba(0,0,0,0)&#8221; button_border_radius=&#8221;0px&#8221; button_letter_spacing=&#8221;1.51px&#8221; button_font=&#8221;|300||on|||||&#8221; background_layout=&#8221;dark&#8221; custom_margin=&#8221;30px||11px||false|false&#8221; box_shadow_style=&#8221;preset2&#8243; locked=&#8221;off&#8221; global_colors_info=&#8221;{}&#8221;][\/et_pb_button][\/et_pb_column][\/et_pb_row][et_pb_row disabled_on=&#8221;off|off|off&#8221; admin_label=&#8221;Vad kostar det?&#8221; module_id=&#8221;vad-kostar-det&#8221; _builder_version=&#8221;4.27.4&#8243; _module_preset=&#8221;default&#8221; global_colors_info=&#8221;{}&#8221;][et_pb_column type=&#8221;4_4&#8243; _builder_version=&#8221;4.21.0&#8243; _module_preset=&#8221;default&#8221; global_colors_info=&#8221;{}&#8221;][et_pb_divider color=&#8221;#061466&#8243; _builder_version=&#8221;4.16&#8243; custom_margin=&#8221;||0px||false|false&#8221; border_color_all=&#8221;#061466&#8243; global_colors_info=&#8221;{}&#8221;][\/et_pb_divider][et_pb_text module_class=&#8221;tagged tagged-h6&#8243; _builder_version=&#8221;4.27.6&#8243; custom_padding=&#8221;||1px|||&#8221; locked=&#8221;off&#8221; global_colors_info=&#8221;{}&#8221;]<\/p>\n<h6>Vad kostar det?<\/h6>\n<h2><strong>Priser<\/strong><\/h2>\n<div dir=\"auto\">\n<div dir=\"auto\">\n<h4 dir=\"auto\">Frisksportl\u00e4ger arrangeras ideellt av frisksportare i klubbar och distrikt som turas om att arrangera. D\u00e4rf\u00f6r kan vi h\u00e5lla l\u00e5ga avgifter j\u00e4mf\u00f6rt med m\u00e5nga andra arrangemang. Det \u00e4r vi stolta \u00f6ver!<\/h4>\n<\/div>\n<\/div>\n<h5 dir=\"auto\">Priserna best\u00e4ms av vad det kostar att hyra l\u00e4gerplats, vad hyran av samlingst\u00e4lt blir, vilka fraktkostnader det blir f\u00f6r material, hyra av portabla toaletter och andra kostnader som h\u00f6r l\u00e4gret till. Det blir lite olika priser p\u00e5 varje l\u00e4ger, och d\u00e4rf\u00f6r kan det dr\u00f6ja fram till v\u00e5ren innan vi vet exakt vad det kostar.<\/h5>\n<h5 dir=\"auto\">Det h\u00e4r g\u00e4ller varje \u00e5r med priserna:<\/h5>\n<ul>\n<li style=\"list-style-type: none;\">\n<ul>\n<li dir=\"auto\">De flesta l\u00e4gerdeltagare stannar hela veckan, men du v\u00e4ljer sj\u00e4lv hur m\u00e5nga dagar du \u00e4r med. Ju l\u00e4ngre du stannar desto billigare blir avgiften per dag.<\/li>\n<li dir=\"auto\">Medlemmar i en frisksportklubb (eller direktanslutna till Svenska Frisksportf\u00f6rbundet) f\u00e5r lite billigare deltagaravgift. <a href=\"https:\/\/frisksport.se\/bli-medlem\/\" target=\"_blank\" rel=\"noopener\">L\u00e4s mer om att bli medlem h\u00e4r.<\/a><\/li>\n<li dir=\"auto\">Barn betalar en l\u00e4gre avgift och vi har en v\u00e4ldigt f\u00f6rm\u00e5nlig familjeavgift.<em><br \/><\/em><\/li>\n<li dir=\"auto\">Du betalar\u00a0<em>per dag<\/em> du \u00e4r p\u00e5 l\u00e4gret. Anl\u00e4nder du p\u00e5 s\u00f6ndagen och stannar till onsdag betalar du f\u00f6r fyra l\u00e4gerdagar (s\u00f6ndag, m\u00e5ndag, tisdag och onsdag). Det g\u00e4ller oavsett vilken tid du anl\u00e4nder eller l\u00e4mnar. Vill du f\u00e5 ut s\u00e5 mycket som m\u00f6jligt av priset \u2013 anl\u00e4nd s\u00e5 tidigt som m\u00f6jligt p\u00e5 dagen och \u00e5k hem s\u00e5 sent som m\u00f6jligt.<\/li>\n<li dir=\"auto\">L\u00e4geravgiften t\u00e4cker de kostnader arrang\u00f6rerna har f\u00f6r l\u00e4geromr\u00e5de och aktiviteter. Avgiften \u00e4r d\u00e4rf\u00f6r densamma oavsett hur m\u00e5nga aktiviteter du deltar i och om du bor p\u00e5 l\u00e4geromr\u00e5det eller ej. I avgiften ing\u00e5r camping i t\u00e4lt, husvagn eller husbil p\u00e5 l\u00e4geromr\u00e5det. V\u00e4ljer du att bo p\u00e5 annat s\u00e4tt f\u00e5r du st\u00e5 f\u00f6r den kostnaden ut\u00f6ver l\u00e4geravgiften.<\/li>\n<\/ul>\n<\/li>\n<\/ul>\n<p>[\/et_pb_text][\/et_pb_column][\/et_pb_row][et_pb_row admin_label=&#8221;Prislsita l\u00e4nkat fr\u00e5n RixAdmin&#8221; _builder_version=&#8221;4.27.6&#8243; _module_preset=&#8221;default&#8221; global_colors_info=&#8221;{}&#8221;][et_pb_column type=&#8221;4_4&#8243; _builder_version=&#8221;4.27.6&#8243; _module_preset=&#8221;default&#8221; global_colors_info=&#8221;{}&#8221;][et_pb_code admin_label=&#8221;Kod &#8217;Prislista&#8217; Blazor Webassembly (WASM)&#8221; _builder_version=&#8221;4.27.6&#8243; _module_preset=&#8221;default&#8221; global_colors_info=&#8221;{}&#8221;]<rix-campprices year=\"2026\" style=\"min-height:90px;\"><\/rix-campprices>[\/et_pb_code][\/et_pb_column][\/et_pb_row][et_pb_row disabled_on=&#8221;off|off|off&#8221; _builder_version=&#8221;4.27.4&#8243; _module_preset=&#8221;default&#8221; global_colors_info=&#8221;{}&#8221;][et_pb_column type=&#8221;4_4&#8243; _builder_version=&#8221;4.21.0&#8243; _module_preset=&#8221;default&#8221; global_colors_info=&#8221;{}&#8221;][et_pb_divider color=&#8221;#061466&#8243; _builder_version=&#8221;4.16&#8243; custom_margin=&#8221;||0px||false|false&#8221; border_color_all=&#8221;#061466&#8243; global_colors_info=&#8221;{}&#8221;][\/et_pb_divider][et_pb_image src=&#8221;https:\/\/frisksportlager.se\/wp-content\/uploads\/2021\/11\/aventyrbarn.jpg&#8221; title_text=&#8221;\u00e4ventyrbarn&#8221; disabled_on=&#8221;off|off|off&#8221; _builder_version=&#8221;4.20.1&#8243; _module_preset=&#8221;default&#8221; global_colors_info=&#8221;{}&#8221;][\/et_pb_image][\/et_pb_column][\/et_pb_row][et_pb_row disabled_on=&#8221;on|on|on&#8221; _builder_version=&#8221;4.27.4&#8243; _module_preset=&#8221;default&#8221; disabled=&#8221;on&#8221; global_colors_info=&#8221;{}&#8221;][et_pb_column type=&#8221;4_4&#8243; _builder_version=&#8221;4.21.0&#8243; _module_preset=&#8221;default&#8221; global_colors_info=&#8221;{}&#8221;][et_pb_divider _builder_version=&#8221;4.27.4&#8243; _module_preset=&#8221;default&#8221; global_colors_info=&#8221;{}&#8221;][\/et_pb_divider][et_pb_text module_class=&#8221;tagged tagged-h6&#8243; _builder_version=&#8221;4.22.2&#8243; locked=&#8221;off&#8221; global_colors_info=&#8221;{}&#8221;]<\/p>\n<h6>Delta en dag<\/h6>\n<h2><strong>Dagsbes\u00f6k p\u00e5 l\u00e4gret<\/strong><\/h2>\n<div dir=\"auto\">\n<h4 dir=\"auto\">Att bes\u00f6ka l\u00e4gret en dag och \u00e4ta glass, bada och titta p\u00e5 t\u00e4vlingar kostar ingenting.\u00a0Du som vill bes\u00f6ka l\u00e4gret en dag och ocks\u00e5 delta i aktiviteter kan betala en dagsavgift. D\u00e5 f\u00e5r du ett band p\u00e5 armen som visar att du f\u00e5r vara med i l\u00e4grets aktiviteter just den dagen.<\/h4>\n<\/div>\n<h5 dir=\"auto\">Dagsavgift (tillg\u00e5ng till aktiviteter under endast en dag):<\/h5>\n<div dir=\"auto\">\n<ul>\n<li dir=\"auto\">\n<h5>Barn 0-3 \u00e5r: 0 kr<\/h5>\n<\/li>\n<li dir=\"auto\">\n<h5>Barn 4-11 \u00e5r: 100 kr<\/h5>\n<\/li>\n<li dir=\"auto\">\n<h5>Ungdom 12-25 \u00e5r: 150 kr<\/h5>\n<\/li>\n<li dir=\"auto\">\n<h5>Vuxen: 250 kr<\/h5>\n<\/li>\n<li dir=\"auto\">\n<h5>Pension\u00e4r: 150 kr<\/h5>\n<\/li>\n<li dir=\"auto\">\n<h5>Familj: 500 kr<\/h5>\n<\/li>\n<\/ul>\n<h5 dir=\"auto\">Observera att camping ej ing\u00e5r i dagsavgiften.<\/h5>\n<\/div>\n<p>[\/et_pb_text][\/et_pb_column][\/et_pb_row][\/et_pb_section]<\/p>\n","protected":false},"excerpt":{"rendered":"<p>Hur funkar anm\u00e4lan? S\u00e5 g\u00e5r det till Incheckningen till l\u00e4gret g\u00e5r supersmidigt om du anm\u00e4ler dig! D\u00e5 f\u00e5r du allt du beh\u00f6ver i handen n\u00e4r du anl\u00e4nder till l\u00e4gret. Om du inte anm\u00e4ler dig innan beh\u00f6ver du skriva in dig i systemet n\u00e4r du kommer till l\u00e4gret, vilket kan ta ca tio minuter. Anm\u00e4l dig [&hellip;]<\/p>\n","protected":false},"author":4,"featured_media":0,"parent":0,"menu_order":0,"comment_status":"closed","ping_status":"closed","template":"","meta":{"_acf_changed":false,"_et_pb_use_builder":"on","_et_pb_old_content":"","_et_gb_content_width":"","_lmt_disableupdate":"no","_lmt_disable":"","_view_id":"","footnotes":""},"class_list":["post-139","page","type-page","status-publish","hentry"],"acf":[],"_links":{"self":[{"href":"https:\/\/frisksportlager.se\/2026\/wp-json\/wp\/v2\/pages\/139","targetHints":{"allow":["GET"]}}],"collection":[{"href":"https:\/\/frisksportlager.se\/2026\/wp-json\/wp\/v2\/pages"}],"about":[{"href":"https:\/\/frisksportlager.se\/2026\/wp-json\/wp\/v2\/types\/page"}],"author":[{"embeddable":true,"href":"https:\/\/frisksportlager.se\/2026\/wp-json\/wp\/v2\/users\/4"}],"replies":[{"embeddable":true,"href":"https:\/\/frisksportlager.se\/2026\/wp-json\/wp\/v2\/comments?post=139"}],"version-history":[{"count":114,"href":"https:\/\/frisksportlager.se\/2026\/wp-json\/wp\/v2\/pages\/139\/revisions"}],"predecessor-version":[{"id":2408,"href":"https:\/\/frisksportlager.se\/2026\/wp-json\/wp\/v2\/pages\/139\/revisions\/2408"}],"wp:attachment":[{"href":"https:\/\/frisksportlager.se\/2026\/wp-json\/wp\/v2\/media?parent=139"}],"curies":[{"name":"wp","href":"https:\/\/api.w.org\/{rel}","templated":true}]}}